{"id":1018,"date":"2021-05-03T12:46:10","date_gmt":"2021-05-03T15:46:10","guid":{"rendered":"http:\/\/tenisparaciegos.ar\/ptca\/?page_id=1018"},"modified":"2024-11-26T12:32:00","modified_gmt":"2024-11-26T15:32:00","slug":"internacionales","status":"publish","type":"page","link":"https:\/\/tenisparaciegos.ar\/ptca\/?page_id=1018","title":{"rendered":"Internacionales"},"content":{"rendered":"\n<p>Les presentamos nuestro trabajo de capacitaci\u00f3n a nivel internacional, llevando el modelo de nuestro Programa PTCArgentina a varias partes del mundo.<\/p>\n\n\n\n<p><mark style=\"background-color:rgba(0, 0, 0, 0)\" class=\"has-inline-color has-vivid-red-color\">\u25b6\ufe0f<\/mark> <mark style=\"background-color:rgba(0, 0, 0, 0)\" class=\"has-inline-color has-vivid-red-color\"><strong>Jap\u00f3n<\/strong><\/mark> &#8211; <strong>cabe aclarar que en Jap\u00f3n me fui a capacitar para fortalecer mis conocimientos para la ense\u00f1anza de este deporte. La misma fue dada por la Federaci\u00f3n Japonesa de Tenis para Ciegos. Las ciudades donde estuve presente fueron: Tokio &#8211; Kioto &#8211; Osaka y en la Prefectura de Saintama<\/strong> <strong>(donde naci\u00f3 el deporte en Jap\u00f3n).<\/strong><\/p>\n\n\n\n<p><strong>\u2b06\ufe0f<\/strong> <a href=\"https:\/\/www.youtube.com\/watch?v=pXy4OQwLWbI&amp;list=PLDEqZ7mOlF2T9iwT0luuZw3McmcCirffL&amp;index=4\" data-type=\"URL\" data-id=\"https:\/\/www.youtube.com\/watch?v=pXy4OQwLWbI&amp;list=PLDEqZ7mOlF2T9iwT0luuZw3McmcCirffL&amp;index=4\">Video<\/a>             <strong>\u2b06\ufe0f<\/strong> <a href=\"https:\/\/www.flickr.com\/photos\/tenisparaciegos1\/albums\/72157719163767678\" data-type=\"URL\" data-id=\"https:\/\/www.flickr.com\/photos\/tenisparaciegos1\/albums\/72157719163767678\">Fotos<\/a><\/p>\n\n\n\n<p><mark style=\"background-color:rgba(0, 0, 0, 0)\" class=\"has-inline-color has-vivid-red-color\">\u25b6\ufe0f<\/mark> <mark style=\"background-color:rgba(0, 0, 0, 0)\" class=\"has-inline-color has-vivid-red-color\"><strong>Chile<\/strong><\/mark> &#8211; Ciudad de Santiago de Chile.<\/p>\n\n\n\n<p><strong>\u2b06\ufe0f<\/strong> <a href=\"https:\/\/www.flickr.com\/photos\/tenisparaciegos1\/albums\/72177720303956301\">Fotos<\/a><\/p>\n\n\n\n<p><mark style=\"background-color:rgba(0, 0, 0, 0)\" class=\"has-inline-color has-vivid-red-color\">\u25b6\ufe0f<\/mark> <mark style=\"background-color:rgba(0, 0, 0, 0)\" class=\"has-inline-color has-vivid-red-color\"><strong>Estados Unidos<\/strong><\/mark> &#8211; Ciudad de McAllen &#8211; Texas<\/p>\n\n\n\n<p><strong>\u2b06\ufe0f<\/strong> <a href=\"https:\/\/www.youtube.com\/watch?v=eBlKIi3wgm4&amp;list=PLDEqZ7mOlF2T9iwT0luuZw3McmcCirffL&amp;index=2\" data-type=\"URL\" data-id=\"https:\/\/www.youtube.com\/watch?v=eBlKIi3wgm4&amp;list=PLDEqZ7mOlF2T9iwT0luuZw3McmcCirffL&amp;index=2\">Video<\/a>            <strong>\u2b06\ufe0f<\/strong> <a href=\"https:\/\/www.flickr.com\/photos\/tenisparaciegos\/albums\/72157642489296904\" data-type=\"URL\" data-id=\"https:\/\/www.flickr.com\/photos\/tenisparaciegos\/albums\/72157642489296904\">Fotos<\/a><\/p>\n\n\n\n<p><mark style=\"background-color:rgba(0, 0, 0, 0)\" class=\"has-inline-color has-vivid-red-color\">\u25b6\ufe0f<\/mark> <mark style=\"background-color:rgba(0, 0, 0, 0)\" class=\"has-inline-color has-vivid-red-color\"><strong>M\u00e9xico<\/strong><\/mark> &#8211; Ciudad de Reynosa<\/p>\n\n\n\n<p><strong>\u2b06\ufe0f<\/strong> <a href=\"https:\/\/www.youtube.com\/watch?v=uxFmRX9CwCk&amp;list=PLDEqZ7mOlF2T9iwT0luuZw3McmcCirffL&amp;index=3\" data-type=\"URL\" data-id=\"https:\/\/www.youtube.com\/watch?v=uxFmRX9CwCk&amp;list=PLDEqZ7mOlF2T9iwT0luuZw3McmcCirffL&amp;index=3\">Video<\/a>            <strong>\u2b06\ufe0f<\/strong> <a href=\"https:\/\/www.flickr.com\/photos\/tenisparaciegos\/albums\/72157642489477763\" data-type=\"URL\" data-id=\"https:\/\/www.flickr.com\/photos\/tenisparaciegos\/albums\/72157642489477763\">Fotos<\/a><\/p>\n\n\n\n<p><mark style=\"background-color:rgba(0, 0, 0, 0)\" class=\"has-inline-color has-vivid-red-color\">\u25b6\ufe0f<\/mark> <strong><mark style=\"background-color:rgba(0, 0, 0, 0)\" class=\"has-inline-color has-vivid-red-color\">Brasil<\/mark><\/strong> &#8211; Ciudad de Florian\u00f3polis<\/p>\n\n\n\n<p><strong>\u2b06\ufe0f<\/strong> <a rel=\"noreferrer noopener\" href=\"https:\/\/www.youtube.com\/watch?v=csQvIkyYOZ4&amp;list=PLDEqZ7mOlF2T9iwT0luuZw3McmcCirffL\" data-type=\"URL\" data-id=\"https:\/\/www.youtube.com\/watch?v=csQvIkyYOZ4&amp;list=PLDEqZ7mOlF2T9iwT0luuZw3McmcCirffL\" target=\"_blank\">Video<\/a>            <strong>\u2b06\ufe0f<\/strong> <a href=\"https:\/\/www.flickr.com\/photos\/tenisparaciegos\/albums\/72157646427369414\" data-type=\"URL\" data-id=\"https:\/\/www.flickr.com\/photos\/tenisparaciegos\/albums\/72157646427369414\">Fotos<\/a><\/p>\n\n\n\n<p><mark style=\"background-color:rgba(0, 0, 0, 0)\" class=\"has-inline-color has-vivid-red-color\">\u25b6\ufe0f <strong>Uruguay<\/strong><\/mark> &#8211; Ciudad de Montevideo<\/p>\n\n\n\n<p><strong>\u2b06\ufe0f<\/strong> <a href=\"https:\/\/www.youtube.com\/watch?v=MOgcZwmDEHs&amp;list=PLDEqZ7mOlF2T9iwT0luuZw3McmcCirffL&amp;index=5\" data-type=\"URL\" data-id=\"https:\/\/www.youtube.com\/watch?v=MOgcZwmDEHs&amp;list=PLDEqZ7mOlF2T9iwT0luuZw3McmcCirffL&amp;index=5\">Video<\/a> <\/p>\n\n\n\n<p>\u00a0\ud83d\udd34\u00a0Para informaci\u00f3n de capacitaciones por favor escribir a nuestro <a href=\"http:\/\/wa.me\/5491154077327\"><strong>WhatsApp<\/strong><\/a> y nos pondremos en contacto a la brevedad.<\/p>\n\n\n\n<p>Muchas gracias | <strong>Equipo PTCArgentina<\/strong><\/p>\n\n\n\n<p><\/p>\n","protected":false},"excerpt":{"rendered":"<p>Les presentamos nuestro trabajo de capacitaci\u00f3n a nivel internacional, llevando el modelo de nuestro Programa PTCArgentina a varias partes del mundo. \u25b6\ufe0f Jap\u00f3n &#8211; cabe aclarar que en Jap\u00f3n me fui a capacitar para fortalecer mis conocimientos para la ense\u00f1anza de este deporte. La misma fue dada por la Federaci\u00f3n Japonesa de Tenis para Ciegos.\u2026 <span class=\"read-more\"><a href=\"https:\/\/tenisparaciegos.ar\/ptca\/?page_id=1018\">Read More &raquo;<\/a><\/span><\/p>\n","protected":false},"author":2,"featured_media":0,"parent":1011,"menu_order":0,"comment_status":"closed","ping_status":"closed","template":"","meta":[],"_links":{"self":[{"href":"https:\/\/tenisparaciegos.ar\/ptca\/index.php?rest_route=\/wp\/v2\/pages\/1018"}],"collection":[{"href":"https:\/\/tenisparaciegos.ar\/ptca\/index.php?rest_route=\/wp\/v2\/pages"}],"about":[{"href":"https:\/\/tenisparaciegos.ar\/ptca\/index.php?rest_route=\/wp\/v2\/types\/page"}],"author":[{"embeddable":true,"href":"https:\/\/tenisparaciegos.ar\/ptca\/index.php?rest_route=\/wp\/v2\/users\/2"}],"replies":[{"embeddable":true,"href":"https:\/\/tenisparaciegos.ar\/ptca\/index.php?rest_route=%2Fwp%2Fv2%2Fcomments&post=1018"}],"version-history":[{"count":20,"href":"https:\/\/tenisparaciegos.ar\/ptca\/index.php?rest_route=\/wp\/v2\/pages\/1018\/revisions"}],"predecessor-version":[{"id":1996,"href":"https:\/\/tenisparaciegos.ar\/ptca\/index.php?rest_route=\/wp\/v2\/pages\/1018\/revisions\/1996"}],"up":[{"embeddable":true,"href":"https:\/\/tenisparaciegos.ar\/ptca\/index.php?rest_route=\/wp\/v2\/pages\/1011"}],"wp:attachment":[{"href":"https:\/\/tenisparaciegos.ar\/ptca\/index.php?rest_route=%2Fwp%2Fv2%2Fmedia&parent=1018"}],"curies":[{"name":"wp","href":"https:\/\/api.w.org\/{rel}","templated":true}]}}