{"id":1122,"date":"2021-05-04T21:08:24","date_gmt":"2021-05-05T00:08:24","guid":{"rendered":"http:\/\/tenisparaciegos.ar\/ptca\/?page_id=1122"},"modified":"2024-03-16T13:31:00","modified_gmt":"2024-03-16T16:31:00","slug":"prof-eduardo-raffetto","status":"publish","type":"page","link":"https:\/\/tenisparaciegos.ar\/ptca\/?page_id=1122","title":{"rendered":"Prof. Eduardo Raffetto"},"content":{"rendered":"\n<p><strong>Curriculum Vitae:<\/strong>                                                                                                        <\/p>\n\n\n\n<p>\u25b6 Es argentino, naci\u00f3 el 23 de octubre de 1965, con m\u00e1s de 32 a\u00f1os en la ense\u00f1anza del tenis, es Tutor de la Asociaci\u00f3n Argentina de Tenis \u2013 AAT y Profesor Nacional de P\u00e1del, de la Asociaci\u00f3n de P\u00e1del Argentino &#8211; APA, con m\u00e1s de 29 a\u00f1os de experiencia. <\/p>\n\n\n\n<p>\u25b6 Community Manager | Universidad Tecnol\u00f3gica Nacional- Facultad Regional Buenos Aires.<\/p>\n\n\n\n<p>\u25b6 ExDirector de Deportes Adaptados de la Municipalidad de Ca\u00f1uelas.<\/p>\n\n\n\n<p>\u25b6 CEO &#8211; Fundador de la Asociaci\u00f3n Argentina de Tenis para Ciegos.<\/p>\n\n\n\n<p>\u25b6 Autor del Libro: Tenis para Ciegos, un Sue\u00f1o Real. Primer Libro de \u00e9ste deporte en el Mundo.<\/p>\n\n\n\n<p>\u25b6 Creador del PTCArgentina, Programa de Tenis para Ciegos y Disminuidos Visuales de Argentina, primer programa de ense\u00f1anza de \u00e9ste deporte en Argentina y Sudam\u00e9rica.<\/p>\n\n\n\n<p>\u00c9ste programa fue declarado de \u201c<strong><em>Inter\u00e9s Social y Deportivo, por la Legislatura de la Ciudad de Buenos Aires, por medio de la Declaraci\u00f3n N\u00ba 499\/2013.\u201d, <\/em><\/strong>&nbsp;en el mes de noviembre del a\u00f1o 2013.<\/p>\n\n\n\n<p>\u25b6 <strong>Es la persona que introdujo este nuevo deporte en Argentina en el a\u00f1o 2011.<\/strong><\/p>\n\n\n\n<p>\u25b6 Miembro Fundador de la IBTA (Asociaci\u00f3n Internacional de Tenis para Ciegos), nombrado por dicha Asociaci\u00f3n, como Asesor de Desarrollo del Tenis para Ciegos para toda Sudam\u00e9rica en el a\u00f1o 2017.<\/p>\n\n\n\n<p>\u25b6 Es conferencista, motivador, disertante en charlas TEDx y participa en Seminarios Motivacionales y de Responsabilidad Comunicativa.<\/p>\n\n\n\n<p>\u25b6 Brinda cursos de capacitaci\u00f3n a nivel nacional e internacional sobre el Tenis para personas con discapacidad visual y P\u00e1del Adaptado en silla de ruedas y para personas con discapacidad visual. <\/p>\n\n\n\n<p>\u25b6 Se capacit\u00f3, en Jap\u00f3n, cuna del tenis para ciegos, fortaleciendo sus conocimientos sobre el Tenis para Ciegos y Disminuidos Visuales, en la Federaci\u00f3n Japonesa de Tenis para Ciegos, es el primer profesor de tenis de Sudam\u00e9rica en realizar dicha capacitaci\u00f3n.<\/p>\n\n\n\n<p>\u25b6 Es el Director T\u00e9cnico, del equipo de Argentina de Tenis para Ciegos y Disminuidos Visuales, primer equipo de \u00e9ste deporte, en Sudam\u00e9rica, y primer equipo de la regi\u00f3n en participar de un Mundial.<\/p>\n\n\n\n<p>\u25b6 Organizador del Primer y Segundo Torneo Nacional de Tenis para Ciegos y Disminuidos Visuales realizado en las ciudades de Viedma y San Carlos de Bariloche de la Provincia de Rio Negro &#8211; Argentina. A\u00f1o 2019.<\/p>\n\n\n\n<p>\u25b6 Present\u00f3 al Congreso de La Naci\u00f3n Argentina, el proyecto para que se declare el D\u00eda Nacional del Tenis para Ciegos,&nbsp; obteniendo \u00e9ste gran logro a fines de octubre del 2018 donde el Senado y la C\u00e1mara de Diputados de la Naci\u00f3n, sancionaron dicha ley.<\/p>\n\n\n\n<p><strong><em>\u201cLEY 27457 Art\u00edculo 1\u00ba Decl\u00e1rese el d\u00eda 18 del mes de septiembre de cada a\u00f1o como el D\u00eda Nacional del Tenis para Ciegos\u201d.<\/em><\/strong><\/p>\n\n\n\n<p>\u00c9ste d\u00eda es en celebraci\u00f3n del nacimiento de la Asociaci\u00f3n Argentina de Tenis para Ciegos.<\/p>\n\n\n\n<p><strong><em>Contacto:<\/em><\/strong><\/p>\n\n\n\n<p><strong>WhatsApp:<\/strong> <strong>+54.9.115.407.7327<\/strong><\/p>\n\n\n\n<p><strong>Facebook<\/strong>\/tenisparaciegos<\/p>\n\n\n\n<p><strong>Instagram<\/strong>: <a href=\"http:\/\/www.instagram.com\/tenisparaciegosargentina\/\">@tenisparaciegosargentina<\/a><\/p>\n\n\n\n<p><strong>Instagram:<\/strong> <a href=\"https:\/\/www.instagram.com\/clasesdepadelcaba\" data-type=\"URL\" data-id=\"https:\/\/www.instagram.com\/clasesdepadelcaba\">@clasesdepadelcaba<\/a><\/p>\n\n\n\n<p><strong>Twitter<\/strong>: <a href=\"http:\/\/www.twitter.com\/tenisparaciegos\">@tenisparaciegos<\/a><\/p>\n\n\n\n<p><strong>Canal de Youtube:<\/strong> <a href=\"http:\/\/bit.ly\/3mOXpsz\" data-type=\"URL\" data-id=\"http:\/\/bit.ly\/3mOXpsz\">Tenis para Ciegos ARGENTINA<\/a><\/p>\n\n\n\n<p><strong>e-mail:<\/strong> eduardoraffetto@yahoo.com.ar<\/p>\n","protected":false},"excerpt":{"rendered":"<p>Curriculum Vitae: \u25b6 Es argentino, naci\u00f3 el 23 de octubre de 1965, con m\u00e1s de 32 a\u00f1os en la ense\u00f1anza del tenis, es Tutor de la Asociaci\u00f3n Argentina de Tenis \u2013 AAT y Profesor Nacional de P\u00e1del, de la Asociaci\u00f3n de P\u00e1del Argentino &#8211; APA, con m\u00e1s de 29 a\u00f1os de experiencia. \u25b6 Community Manager\u2026 <span class=\"read-more\"><a href=\"https:\/\/tenisparaciegos.ar\/ptca\/?page_id=1122\">Read More &raquo;<\/a><\/span><\/p>\n","protected":false},"author":2,"featured_media":0,"parent":966,"menu_order":0,"comment_status":"closed","ping_status":"closed","template":"","meta":[],"_links":{"self":[{"href":"https:\/\/tenisparaciegos.ar\/ptca\/index.php?rest_route=\/wp\/v2\/pages\/1122"}],"collection":[{"href":"https:\/\/tenisparaciegos.ar\/ptca\/index.php?rest_route=\/wp\/v2\/pages"}],"about":[{"href":"https:\/\/tenisparaciegos.ar\/ptca\/index.php?rest_route=\/wp\/v2\/types\/page"}],"author":[{"embeddable":true,"href":"https:\/\/tenisparaciegos.ar\/ptca\/index.php?rest_route=\/wp\/v2\/users\/2"}],"replies":[{"embeddable":true,"href":"https:\/\/tenisparaciegos.ar\/ptca\/index.php?rest_route=%2Fwp%2Fv2%2Fcomments&post=1122"}],"version-history":[{"count":26,"href":"https:\/\/tenisparaciegos.ar\/ptca\/index.php?rest_route=\/wp\/v2\/pages\/1122\/revisions"}],"predecessor-version":[{"id":1976,"href":"https:\/\/tenisparaciegos.ar\/ptca\/index.php?rest_route=\/wp\/v2\/pages\/1122\/revisions\/1976"}],"up":[{"embeddable":true,"href":"https:\/\/tenisparaciegos.ar\/ptca\/index.php?rest_route=\/wp\/v2\/pages\/966"}],"wp:attachment":[{"href":"https:\/\/tenisparaciegos.ar\/ptca\/index.php?rest_route=%2Fwp%2Fv2%2Fmedia&parent=1122"}],"curies":[{"name":"wp","href":"https:\/\/api.w.org\/{rel}","templated":true}]}}