{"id":995,"date":"2021-05-03T10:53:38","date_gmt":"2021-05-03T13:53:38","guid":{"rendered":"http:\/\/tenisparaciegos.ar\/ptca\/?page_id=995"},"modified":"2025-01-23T18:51:09","modified_gmt":"2025-01-23T21:51:09","slug":"areas","status":"publish","type":"page","link":"https:\/\/tenisparaciegos.ar\/ptca\/?page_id=995","title":{"rendered":"\u00c1reas"},"content":{"rendered":"\n<p>Trabajamos en<em><strong> dos<\/strong><\/em> \u00e1reas la <strong>social<\/strong> y la <strong>deportiva<\/strong>.<\/p>\n\n\n\n<p><strong>Social:<\/strong> es el \u00e1rea donde nace todo, nuestra escuela de tenis para ciegos y disminuidos visuales comienza desde los 4 a\u00f1os de edad hasta adultos. Siempre aclaramos que todo alumno o alumna con discapacidad visual viene a aprender a jugar al tenis, <strong>s\u00ed <\/strong>al tenis, por supuesto en cada categor\u00eda con las pautas claras del reglamento de \u00e9ste deporte para cada una. Le presentamos unas fotos que son parte de nuestra historia, <strong><a href=\"https:\/\/www.flickr.com\/photos\/tenisparaciegos1\/albums\/72157719065654794\" data-type=\"URL\" data-id=\"https:\/\/www.flickr.com\/photos\/tenisparaciegos1\/albums\/72157719065654794\">la primera clase y el primer alumno<\/a><\/strong>.<\/p>\n\n\n\n<p>Trabajamos con las categor\u00edas <strong>B1<\/strong> (ciegos) &#8211; <strong>B2<\/strong> &#8211; <strong>B3<\/strong> y <strong>B4<\/strong> (disminuidos visuales).<\/p>\n\n\n\n<p>El disfrute social y que tengan un lugar de pertenencia es lo m\u00e1s importante para nosotros. <span class=\"has-inline-color has-vivid-cyan-blue-color\"><strong><em><a href=\"https:\/\/www.flickr.com\/photos\/tenisparaciegos1\/albums\/72157719126322405\" data-type=\"URL\" data-id=\"https:\/\/www.flickr.com\/photos\/tenisparaciegos1\/albums\/72157719126322405\">Ver fotos<\/a><\/em><\/strong><\/span><\/p>\n\n\n\n<p><strong>Deportiva:<\/strong> <\/p>\n\n\n\n<p>En esta \u00e1rea el alumno empieza a conocer mas el deporte y vuelca su interes hacia la competicion. Trabajamos primero en la solidez del conocimiento amplio del deporte, luego fortalecemos la tecnica y tactica, por supuesto por grupos de trabajo, edades y categorias. No descuidamos la parte social, la fortalecemos con encuentros con otras escuelas, tanto a nivel de aprendizaje, disfrute social y competitivo. <\/p>\n\n\n\n<p>Es la que permite dar el punta pie inicial en la creaci\u00f3n de escuelas donde surgen los primeros jugadores\/as,  luego torneos de internos para tener sus representantes y llevarlos a un torneo nacional y la posibilidad de la creaci\u00f3n de un seleccionado que represente a nuestro pa\u00eds en competencias internacionales. <\/p>\n\n\n\n<p>El trabajo es una serie de piezas que se tienen que unir para lograr estos objetivos, en estos a\u00f1os de trabajo lo hemos logrado con <strong>Dos Torneos Nacionales<\/strong>, la creaci\u00f3n del <strong>Primer Ranking Nacional<\/strong> de jugadoras y jugadores de tenis para ciegos y disminuidos visuales de Argentina y  el mayor logro deportivo fue poder estar presente en el <strong>Tercer Torneo Mundial de Tenis para Ciegos &#8211; Benidorm &#8211; Espa\u00f1a 2019<\/strong>.<\/p>\n\n\n\n<p>\u25b6\ufe0f <strong><a href=\"https:\/\/www.flickr.com\/photos\/tenisparaciegos1\/albums\/72157719120293487\" data-type=\"URL\" data-id=\"https:\/\/www.flickr.com\/photos\/tenisparaciegos1\/albums\/72157719120293487\">3\u00b0 Torneo Mundial de Tenis para Ciegos<\/a><\/strong> |<strong> Benidorm &#8211; Espa\u00f1a 2019<\/strong>.<\/p>\n\n\n\n<p>\u25b6\ufe0f <strong><a href=\"https:\/\/www.flickr.com\/photos\/tenisparaciegos1\/albums\/72157719055612468\" data-type=\"URL\" data-id=\"https:\/\/www.flickr.com\/photos\/tenisparaciegos1\/albums\/72157719055612468\">1\u00b0 Torneo Nacional de Tenis para Ciegos y Disminuidos Visuales<\/a> <\/strong>| <strong>Ciudad de Viedma  &#8211;  Provincia de Rio Negro.<\/strong><\/p>\n\n\n\n<p>\u25b6\ufe0f&nbsp;<strong><a href=\"https:\/\/www.flickr.com\/photos\/tenisparaciegos1\/albums\/72157719112625186\" data-type=\"URL\" data-id=\"https:\/\/www.flickr.com\/photos\/tenisparaciegos1\/albums\/72157719112625186\">2\u00b0 Torneo Nacional de Tenis para Ciegos y Disminuidos Visuales <\/a><\/strong> | <strong>Ciudad de Bariloche &#8211; Provincia de Rio Negro.<\/strong><\/p>\n\n\n\n<p>\u25b6\ufe0f <strong><a href=\"https:\/\/www.flickr.com\/photos\/tenisparaciegos1\/albums\/72157719119874267\" data-type=\"URL\" data-id=\"https:\/\/www.flickr.com\/photos\/tenisparaciegos1\/albums\/72157719119874267\">Ranking Nacional de Tenis para Ciegos y Disminuidos Visuales<\/a><\/strong> | <strong>Argentina<\/strong>.<\/p>\n\n\n\n<p>Para m\u00e1s informaci\u00f3n contactarse a nuestro <strong><em><a href=\"http:\/\/wa.me\/5491154077327\">WhatsApp <\/a><\/em><\/strong> y nos pondremos en contacto a la brevedad. <\/p>\n\n\n\n<p>Muchas gracias.<\/p>\n","protected":false},"excerpt":{"rendered":"<p>Trabajamos en dos \u00e1reas la social y la deportiva. Social: es el \u00e1rea donde nace todo, nuestra escuela de tenis para ciegos y disminuidos visuales comienza desde los 4 a\u00f1os de edad hasta adultos. Siempre aclaramos que todo alumno o alumna con discapacidad visual viene a aprender a jugar al tenis, s\u00ed al tenis, por\u2026 <span class=\"read-more\"><a href=\"https:\/\/tenisparaciegos.ar\/ptca\/?page_id=995\">Read More &raquo;<\/a><\/span><\/p>\n","protected":false},"author":2,"featured_media":0,"parent":993,"menu_order":0,"comment_status":"closed","ping_status":"closed","template":"","meta":[],"_links":{"self":[{"href":"https:\/\/tenisparaciegos.ar\/ptca\/index.php?rest_route=\/wp\/v2\/pages\/995"}],"collection":[{"href":"https:\/\/tenisparaciegos.ar\/ptca\/index.php?rest_route=\/wp\/v2\/pages"}],"about":[{"href":"https:\/\/tenisparaciegos.ar\/ptca\/index.php?rest_route=\/wp\/v2\/types\/page"}],"author":[{"embeddable":true,"href":"https:\/\/tenisparaciegos.ar\/ptca\/index.php?rest_route=\/wp\/v2\/users\/2"}],"replies":[{"embeddable":true,"href":"https:\/\/tenisparaciegos.ar\/ptca\/index.php?rest_route=%2Fwp%2Fv2%2Fcomments&post=995"}],"version-history":[{"count":23,"href":"https:\/\/tenisparaciegos.ar\/ptca\/index.php?rest_route=\/wp\/v2\/pages\/995\/revisions"}],"predecessor-version":[{"id":2046,"href":"https:\/\/tenisparaciegos.ar\/ptca\/index.php?rest_route=\/wp\/v2\/pages\/995\/revisions\/2046"}],"up":[{"embeddable":true,"href":"https:\/\/tenisparaciegos.ar\/ptca\/index.php?rest_route=\/wp\/v2\/pages\/993"}],"wp:attachment":[{"href":"https:\/\/tenisparaciegos.ar\/ptca\/index.php?rest_route=%2Fwp%2Fv2%2Fmedia&parent=995"}],"curies":[{"name":"wp","href":"https:\/\/api.w.org\/{rel}","templated":true}]}}